{"id":2595,"date":"2025-02-05T15:16:08","date_gmt":"2025-02-05T14:16:08","guid":{"rendered":"https:\/\/dans6t.com\/compagnie\/?page_id=2595"},"modified":"2025-05-21T11:53:23","modified_gmt":"2025-05-21T09:53:23","slug":"le-projet-artistique","status":"publish","type":"page","link":"https:\/\/dans6t.com\/compagnie\/le-projet-artistique\/","title":{"rendered":"Le projet artistique"},"content":{"rendered":"\t\t<div data-elementor-type=\"wp-post\" data-elementor-id=\"2595\" class=\"elementor elementor-2595\">\n\t\t\t\t\t\t\t\t\t<section class=\"elementor-section elementor-top-section elementor-element elementor-element-d7d8b56 elementor-section-boxed elementor-section-height-default elementor-section-height-default\" data-id=\"d7d8b56\" data-element_type=\"section\" data-settings=\"{&quot;background_background&quot;:&quot;classic&quot;,&quot;_ha_eqh_enable&quot;:false}\">\n\t\t\t\t\t\t\t<div class=\"elementor-background-overlay\"><\/div>\n\t\t\t\t\t\t\t<div class=\"elementor-container elementor-column-gap-default\">\n\t\t\t\t\t<div class=\"elementor-column elementor-col-100 elementor-top-column elementor-element elementor-element-fd69444\" data-id=\"fd69444\" data-element_type=\"column\">\n\t\t\t<div class=\"elementor-widget-wrap elementor-element-populated\">\n\t\t\t\t\t\t\t\t<div class=\"elementor-element elementor-element-abcc2f2 elementor-widget elementor-widget-heading\" data-id=\"abcc2f2\" data-element_type=\"widget\" data-widget_type=\"heading.default\">\n\t\t\t\t<div class=\"elementor-widget-container\">\n\t\t\t<style>\/*! elementor - v3.16.0 - 20-09-2023 *\/\n.elementor-heading-title{padding:0;margin:0;line-height:1}.elementor-widget-heading .elementor-heading-title[class*=elementor-size-]>a{color:inherit;font-size:inherit;line-height:inherit}.elementor-widget-heading .elementor-heading-title.elementor-size-small{font-size:15px}.elementor-widget-heading .elementor-heading-title.elementor-size-medium{font-size:19px}.elementor-widget-heading .elementor-heading-title.elementor-size-large{font-size:29px}.elementor-widget-heading .elementor-heading-title.elementor-size-xl{font-size:39px}.elementor-widget-heading .elementor-heading-title.elementor-size-xxl{font-size:59px}<\/style><h3 class=\"elementor-heading-title elementor-size-xxl\">LE PROJET ARTISTIQUE<\/h3>\t\t<\/div>\n\t\t\t\t<\/div>\n\t\t\t\t\t<\/div>\n\t\t<\/div>\n\t\t\t\t\t\t\t<\/div>\n\t\t<\/section>\n\t\t\t\t<section class=\"elementor-section elementor-top-section elementor-element elementor-element-f58f8f4 elementor-section-boxed elementor-section-height-default elementor-section-height-default\" data-id=\"f58f8f4\" data-element_type=\"section\" data-settings=\"{&quot;background_background&quot;:&quot;gradient&quot;,&quot;_ha_eqh_enable&quot;:false}\">\n\t\t\t\t\t\t<div class=\"elementor-container elementor-column-gap-default\">\n\t\t\t\t\t<div class=\"elementor-column elementor-col-100 elementor-top-column elementor-element elementor-element-be58448\" data-id=\"be58448\" data-element_type=\"column\">\n\t\t\t<div class=\"elementor-widget-wrap elementor-element-populated\">\n\t\t\t\t\t\t\t\t<section class=\"elementor-section elementor-inner-section elementor-element elementor-element-66a3805 elementor-section-boxed elementor-section-height-default elementor-section-height-default\" data-id=\"66a3805\" data-element_type=\"section\" data-settings=\"{&quot;_ha_eqh_enable&quot;:false}\">\n\t\t\t\t\t\t<div class=\"elementor-container elementor-column-gap-default\">\n\t\t\t\t\t<div class=\"elementor-column elementor-col-50 elementor-inner-column elementor-element elementor-element-f9d80c7\" data-id=\"f9d80c7\" data-element_type=\"column\">\n\t\t\t<div class=\"elementor-widget-wrap elementor-element-populated\">\n\t\t\t\t\t\t\t\t<div class=\"elementor-element elementor-element-061ba61 elementor-widget-divider--view-line elementor-widget elementor-widget-divider\" data-id=\"061ba61\" data-element_type=\"widget\" data-widget_type=\"divider.default\">\n\t\t\t\t<div class=\"elementor-widget-container\">\n\t\t\t<style>\/*! elementor - v3.16.0 - 20-09-2023 *\/\n.elementor-widget-divider{--divider-border-style:none;--divider-border-width:1px;--divider-color:#0c0d0e;--divider-icon-size:20px;--divider-element-spacing:10px;--divider-pattern-height:24px;--divider-pattern-size:20px;--divider-pattern-url:none;--divider-pattern-repeat:repeat-x}.elementor-widget-divider .elementor-divider{display:flex}.elementor-widget-divider .elementor-divider__text{font-size:15px;line-height:1;max-width:95%}.elementor-widget-divider .elementor-divider__element{margin:0 var(--divider-element-spacing);flex-shrink:0}.elementor-widget-divider .elementor-icon{font-size:var(--divider-icon-size)}.elementor-widget-divider .elementor-divider-separator{display:flex;margin:0;direction:ltr}.elementor-widget-divider--view-line_icon .elementor-divider-separator,.elementor-widget-divider--view-line_text .elementor-divider-separator{align-items:center}.elementor-widget-divider--view-line_icon .elementor-divider-separator:after,.elementor-widget-divider--view-line_icon .elementor-divider-separator:before,.elementor-widget-divider--view-line_text .elementor-divider-separator:after,.elementor-widget-divider--view-line_text .elementor-divider-separator:before{display:block;content:\"\";border-bottom:0;flex-grow:1;border-top:var(--divider-border-width) var(--divider-border-style) var(--divider-color)}.elementor-widget-divider--element-align-left .elementor-divider .elementor-divider-separator>.elementor-divider__svg:first-of-type{flex-grow:0;flex-shrink:100}.elementor-widget-divider--element-align-left .elementor-divider-separator:before{content:none}.elementor-widget-divider--element-align-left .elementor-divider__element{margin-left:0}.elementor-widget-divider--element-align-right .elementor-divider .elementor-divider-separator>.elementor-divider__svg:last-of-type{flex-grow:0;flex-shrink:100}.elementor-widget-divider--element-align-right .elementor-divider-separator:after{content:none}.elementor-widget-divider--element-align-right .elementor-divider__element{margin-right:0}.elementor-widget-divider:not(.elementor-widget-divider--view-line_text):not(.elementor-widget-divider--view-line_icon) .elementor-divider-separator{border-top:var(--divider-border-width) var(--divider-border-style) var(--divider-color)}.elementor-widget-divider--separator-type-pattern{--divider-border-style:none}.elementor-widget-divider--separator-type-pattern.elementor-widget-divider--view-line .elementor-divider-separator,.elementor-widget-divider--separator-type-pattern:not(.elementor-widget-divider--view-line) .elementor-divider-separator:after,.elementor-widget-divider--separator-type-pattern:not(.elementor-widget-divider--view-line) .elementor-divider-separator:before,.elementor-widget-divider--separator-type-pattern:not([class*=elementor-widget-divider--view]) .elementor-divider-separator{width:100%;min-height:var(--divider-pattern-height);-webkit-mask-size:var(--divider-pattern-size) 100%;mask-size:var(--divider-pattern-size) 100%;-webkit-mask-repeat:var(--divider-pattern-repeat);mask-repeat:var(--divider-pattern-repeat);background-color:var(--divider-color);-webkit-mask-image:var(--divider-pattern-url);mask-image:var(--divider-pattern-url)}.elementor-widget-divider--no-spacing{--divider-pattern-size:auto}.elementor-widget-divider--bg-round{--divider-pattern-repeat:round}.rtl .elementor-widget-divider .elementor-divider__text{direction:rtl}.e-con-inner>.elementor-widget-divider,.e-con>.elementor-widget-divider{width:var(--container-widget-width,100%);--flex-grow:var(--container-widget-flex-grow)}<\/style>\t\t<div class=\"elementor-divider\">\n\t\t\t<span class=\"elementor-divider-separator\">\n\t\t\t\t\t\t<\/span>\n\t\t<\/div>\n\t\t\t\t<\/div>\n\t\t\t\t<\/div>\n\t\t\t\t<div class=\"elementor-element elementor-element-e04b8f7 elementor-invisible elementor-widget elementor-widget-image\" data-id=\"e04b8f7\" data-element_type=\"widget\" data-settings=\"{&quot;_animation&quot;:&quot;fadeInLeft&quot;}\" data-widget_type=\"image.default\">\n\t\t\t\t<div class=\"elementor-widget-container\">\n\t\t\t<style>\/*! elementor - v3.16.0 - 20-09-2023 *\/\n.elementor-widget-image{text-align:center}.elementor-widget-image a{display:inline-block}.elementor-widget-image a img[src$=\".svg\"]{width:48px}.elementor-widget-image img{vertical-align:middle;display:inline-block}<\/style>\t\t\t\t\t\t\t\t\t\t\t\t<img loading=\"lazy\" decoding=\"async\" width=\"491\" height=\"366\" src=\"https:\/\/dans6t.com\/compagnie\/wp-content\/uploads\/2025\/05\/BB2-e1747821172858.jpg\" class=\"attachment-large size-large wp-image-3847\" alt=\"\" srcset=\"https:\/\/dans6t.com\/compagnie\/wp-content\/uploads\/2025\/05\/BB2-e1747821172858.jpg 491w, https:\/\/dans6t.com\/compagnie\/wp-content\/uploads\/2025\/05\/BB2-e1747821172858-300x224.jpg 300w\" sizes=\"auto, (max-width: 491px) 100vw, 491px\" \/>\t\t\t\t\t\t\t\t\t\t\t\t\t\t\t<\/div>\n\t\t\t\t<\/div>\n\t\t\t\t\t<\/div>\n\t\t<\/div>\n\t\t\t\t<div class=\"elementor-column elementor-col-50 elementor-inner-column elementor-element elementor-element-4d3f412\" data-id=\"4d3f412\" data-element_type=\"column\">\n\t\t\t<div class=\"elementor-widget-wrap elementor-element-populated\">\n\t\t\t\t\t\t\t\t<div class=\"elementor-element elementor-element-f0114e7 elementor-widget-divider--view-line elementor-widget elementor-widget-divider\" data-id=\"f0114e7\" data-element_type=\"widget\" data-widget_type=\"divider.default\">\n\t\t\t\t<div class=\"elementor-widget-container\">\n\t\t\t\t\t<div class=\"elementor-divider\">\n\t\t\t<span class=\"elementor-divider-separator\">\n\t\t\t\t\t\t<\/span>\n\t\t<\/div>\n\t\t\t\t<\/div>\n\t\t\t\t<\/div>\n\t\t\t\t<div class=\"elementor-element elementor-element-521c1b5 elementor-widget elementor-widget-text-editor\" data-id=\"521c1b5\" data-element_type=\"widget\" data-widget_type=\"text-editor.default\">\n\t\t\t\t<div class=\"elementor-widget-container\">\n\t\t\t<style>\/*! elementor - v3.16.0 - 20-09-2023 *\/\n.elementor-widget-text-editor.elementor-drop-cap-view-stacked .elementor-drop-cap{background-color:#69727d;color:#fff}.elementor-widget-text-editor.elementor-drop-cap-view-framed .elementor-drop-cap{color:#69727d;border:3px solid;background-color:transparent}.elementor-widget-text-editor:not(.elementor-drop-cap-view-default) .elementor-drop-cap{margin-top:8px}.elementor-widget-text-editor:not(.elementor-drop-cap-view-default) .elementor-drop-cap-letter{width:1em;height:1em}.elementor-widget-text-editor .elementor-drop-cap{float:left;text-align:center;line-height:1;font-size:50px}.elementor-widget-text-editor .elementor-drop-cap-letter{display:inline-block}<\/style>\t\t\t\t<p><strong>DANS6T est implant\u00e9 \u00e0 Tarbes en R\u00e9gion Occitanie depuis sa fondation en <\/strong><strong>2001, sous la co-direction de Bouziane Bouteldja et de Le\u00efla Benaouali. Le <\/strong><strong>projet de l\u2019association s\u2019articule autour de trois axes d\u2019activit\u00e9s : la cr\u00e9ation <\/strong><strong>chor\u00e9graphique avec une compagnie de danse professionnelle et une fabrique <\/strong><strong>artistique, l\u2019enseignement de la danse avec une \u00e9cole et l\u2019action sociale et <\/strong><strong>citoyenne avec un Espace de Vie Sociale (EVS).<\/strong><\/p>\t\t\t\t\t\t<\/div>\n\t\t\t\t<\/div>\n\t\t\t\t<div class=\"elementor-element elementor-element-247ecb1 elementor-widget elementor-widget-text-editor\" data-id=\"247ecb1\" data-element_type=\"widget\" data-widget_type=\"text-editor.default\">\n\t\t\t\t<div class=\"elementor-widget-container\">\n\t\t\t\t\t\t\t<p>Avec de nouveaux espaces qu\u2019elle a inaugur\u00e9 en 2022, DANS6T a d\u00e9ploy\u00e9 son projet et touche un public de plus en plus nombreux. Le studio professionnel permet \u00e0 la Cie de travailler sur place et d\u2019accueillir de jeunes \u00e9quipes artistiques en r\u00e9sidence de cr\u00e9ation. Le centre de danse propose une quinzaine de styles enseign\u00e9s par une vingtaine de professeurs et accueille plus de 800 \u00e9l\u00e8ves par an.<\/p>\t\t\t\t\t\t<\/div>\n\t\t\t\t<\/div>\n\t\t\t\t\t<\/div>\n\t\t<\/div>\n\t\t\t\t\t\t\t<\/div>\n\t\t<\/section>\n\t\t\t\t<section class=\"elementor-section elementor-inner-section elementor-element elementor-element-475b0f8 elementor-section-boxed elementor-section-height-default elementor-section-height-default\" data-id=\"475b0f8\" data-element_type=\"section\" data-settings=\"{&quot;_ha_eqh_enable&quot;:false}\">\n\t\t\t\t\t\t<div class=\"elementor-container elementor-column-gap-default\">\n\t\t\t\t\t<div class=\"elementor-column elementor-col-50 elementor-inner-column elementor-element elementor-element-962700d\" data-id=\"962700d\" data-element_type=\"column\">\n\t\t\t<div class=\"elementor-widget-wrap elementor-element-populated\">\n\t\t\t\t\t\t\t\t<div class=\"elementor-element elementor-element-8d70c30 elementor-widget__width-initial elementor-widget elementor-widget-text-editor\" data-id=\"8d70c30\" data-element_type=\"widget\" data-widget_type=\"text-editor.default\">\n\t\t\t\t<div class=\"elementor-widget-container\">\n\t\t\t\t\t\t\t<p>Au c\u0153ur de ce projet, et en r\u00e9sonance avec dix ann\u00e9es de complicit\u00e9 avec le Th\u00e9\u00e2tre de la Cit\u00e9 \u00e0 Marseille : les \u00e9critures du r\u00e9el comme mati\u00e8re \u201cr\u00e9cit\u201d pour \u00e9crire la partition chor\u00e9graphique, miroir d\u2019une soci\u00e9t\u00e9 en plein bouleversements : celle des in\u00e9galit\u00e9s, celle des crises identitaires et religieuses, celle des crises environnementales&#8230; De ces grands d\u00e9fis soci\u00e9taux, le chor\u00e9graphe Bouziane Bouteldja a tiss\u00e9 un travail artistique militant qui questionne le \u201cvivre-ensemble\u201d et ouvre des chemins vers un horizon commun. \u00c0 son r\u00e9pertoire, quinze spectacles qui auscultent le pouls de nos soci\u00e9t\u00e9s contemporaines.<\/p>\t\t\t\t\t\t<\/div>\n\t\t\t\t<\/div>\n\t\t\t\t<div class=\"elementor-element elementor-element-bbb93f0 elementor-widget__width-initial elementor-widget elementor-widget-text-editor\" data-id=\"bbb93f0\" data-element_type=\"widget\" data-widget_type=\"text-editor.default\">\n\t\t\t\t<div class=\"elementor-widget-container\">\n\t\t\t\t\t\t\t<p>Depuis ses d\u00e9buts la Cie utilise la danse comme outil de transmission et d\u2019inclusion<br \/>aupr\u00e8s de publics en difficult\u00e9. Les questions de citoyennet\u00e9, d\u2019engagement et<br \/>d\u2019ouverture \u00e0 l\u2019Autre sont constitutives de l\u2019ADN de Dans6T.<\/p>\t\t\t\t\t\t<\/div>\n\t\t\t\t<\/div>\n\t\t\t\t<div class=\"elementor-element elementor-element-d14fb53 elementor-widget__width-initial elementor-widget elementor-widget-text-editor\" data-id=\"d14fb53\" data-element_type=\"widget\" data-widget_type=\"text-editor.default\">\n\t\t\t\t<div class=\"elementor-widget-container\">\n\t\t\t\t\t\t\t<p>Ce projet d\u2019innovation sociale et d\u2019hospitalit\u00e9 autour de la pratique de la danse et de la cr\u00e9ation chor\u00e9graphique rayonne aujourd\u2019hui \u00e0 l\u2019\u00e9chelle nationale, notamment gr\u00e2ce \u00e0 la compagnie qui tourne et d\u00e9veloppe des projets sur tout l\u2019Hexagone et au-del\u00e0. Ce mod\u00e8le singulier, qui croise cr\u00e9ation chor\u00e9graphique, transmission et inclusion sociale, pratiques amateurs et pratiques professionnelles, b\u00e9n\u00e9ficie d\u2019une reconnaissance forte des \u00e9lus et partenaires sur son territoire d\u2019implantation.<\/p>\t\t\t\t\t\t<\/div>\n\t\t\t\t<\/div>\n\t\t\t\t\t<\/div>\n\t\t<\/div>\n\t\t\t\t<div class=\"elementor-column elementor-col-50 elementor-inner-column elementor-element elementor-element-64fd9d9\" data-id=\"64fd9d9\" data-element_type=\"column\">\n\t\t\t<div class=\"elementor-widget-wrap elementor-element-populated\">\n\t\t\t\t\t\t\t\t<div class=\"elementor-element elementor-element-8c9eb18 elementor-widget-divider--view-line elementor-widget elementor-widget-divider\" data-id=\"8c9eb18\" data-element_type=\"widget\" data-widget_type=\"divider.default\">\n\t\t\t\t<div class=\"elementor-widget-container\">\n\t\t\t\t\t<div class=\"elementor-divider\">\n\t\t\t<span class=\"elementor-divider-separator\">\n\t\t\t\t\t\t<\/span>\n\t\t<\/div>\n\t\t\t\t<\/div>\n\t\t\t\t<\/div>\n\t\t\t\t<div class=\"elementor-element elementor-element-6f4b516 elementor-invisible elementor-widget elementor-widget-image\" data-id=\"6f4b516\" data-element_type=\"widget\" data-settings=\"{&quot;_animation&quot;:&quot;fadeInRight&quot;}\" data-widget_type=\"image.default\">\n\t\t\t\t<div class=\"elementor-widget-container\">\n\t\t\t\t\t\t\t\t\t\t\t\t\t\t\t<img loading=\"lazy\" decoding=\"async\" width=\"1024\" height=\"633\" src=\"https:\/\/dans6t.com\/compagnie\/wp-content\/uploads\/2024\/12\/22102024-DSCF0884-Avec-accentuation-Bruit-2-scaled-e1739197666529-1024x633.jpg\" class=\"attachment-large size-large wp-image-2439\" alt=\"\" srcset=\"https:\/\/dans6t.com\/compagnie\/wp-content\/uploads\/2024\/12\/22102024-DSCF0884-Avec-accentuation-Bruit-2-scaled-e1739197666529-1024x633.jpg 1024w, https:\/\/dans6t.com\/compagnie\/wp-content\/uploads\/2024\/12\/22102024-DSCF0884-Avec-accentuation-Bruit-2-scaled-e1739197666529-300x186.jpg 300w, https:\/\/dans6t.com\/compagnie\/wp-content\/uploads\/2024\/12\/22102024-DSCF0884-Avec-accentuation-Bruit-2-scaled-e1739197666529-768x475.jpg 768w, https:\/\/dans6t.com\/compagnie\/wp-content\/uploads\/2024\/12\/22102024-DSCF0884-Avec-accentuation-Bruit-2-scaled-e1739197666529-1536x950.jpg 1536w, https:\/\/dans6t.com\/compagnie\/wp-content\/uploads\/2024\/12\/22102024-DSCF0884-Avec-accentuation-Bruit-2-scaled-e1739197666529-2048x1266.jpg 2048w\" sizes=\"auto, (max-width: 1024px) 100vw, 1024px\" \/>\t\t\t\t\t\t\t\t\t\t\t\t\t\t\t<\/div>\n\t\t\t\t<\/div>\n\t\t\t\t\t<\/div>\n\t\t<\/div>\n\t\t\t\t\t\t\t<\/div>\n\t\t<\/section>\n\t\t\t\t\t<\/div>\n\t\t<\/div>\n\t\t\t\t\t\t\t<\/div>\n\t\t<\/section>\n\t\t\t\t\t\t\t<\/div>\n\t\t","protected":false},"excerpt":{"rendered":"<p>LE PROJET ARTISTIQUE DANS6T est implant\u00e9 \u00e0 Tarbes en R\u00e9gion Occitanie depuis sa fondation en 2001, sous la co-direction de Bouziane Bouteldja et de Le\u00efla Benaouali. Le projet de l\u2019association s\u2019articule autour de trois axes d\u2019activit\u00e9s : la cr\u00e9ation chor\u00e9graphique avec une compagnie de danse professionnelle et une fabrique artistique, l\u2019enseignement de la danse avec &hellip;<\/p>\n<p class=\"read-more\"> <a class=\"\" href=\"https:\/\/dans6t.com\/compagnie\/le-projet-artistique\/\"> <span class=\"screen-reader-text\">Le projet artistique<\/span> Lire la suite\u00a0\u00bb<\/a><\/p>\n","protected":false},"author":3,"featured_media":0,"parent":0,"menu_order":0,"comment_status":"closed","ping_status":"closed","template":"","meta":{"_uag_custom_page_level_css":"","site-sidebar-layout":"no-sidebar","site-content-layout":"page-builder","ast-global-header-display":"","ast-main-header-display":"","ast-hfb-above-header-display":"","ast-hfb-below-header-display":"","ast-hfb-mobile-header-display":"","site-post-title":"disabled","ast-breadcrumbs-content":"","ast-featured-img":"disabled","footer-sml-layout":"","theme-transparent-header-meta":"enabled","adv-header-id-meta":"","stick-header-meta":"","header-above-stick-meta":"","header-main-stick-meta":"","header-below-stick-meta":"","footnotes":""},"class_list":["post-2595","page","type-page","status-publish","hentry"],"yoast_head":"<!-- This site is optimized with the Yoast SEO plugin v21.2 - https:\/\/yoast.com\/wordpress\/plugins\/seo\/ -->\n<title>Le projet artistique - DANS6T Compagnie<\/title>\n<meta name=\"description\" content=\"La compagnie Dans6T s&#039;invite dans les r\u00e9cr\u00e9ations des primaires, coll\u00e8ges et lyc\u00e9es pour r\u00e9aliser des performances surprises.\" \/>\n<meta name=\"robots\" content=\"index, follow, max-snippet:-1, max-image-preview:large, max-video-preview:-1\" \/>\n<link rel=\"canonical\" href=\"https:\/\/dans6t.com\/compagnie\/le-projet-artistique\/\" \/>\n<meta property=\"og:locale\" content=\"fr_FR\" \/>\n<meta property=\"og:type\" content=\"article\" \/>\n<meta property=\"og:title\" content=\"Le projet artistique - DANS6T Compagnie\" \/>\n<meta property=\"og:description\" content=\"La compagnie Dans6T s&#039;invite dans les r\u00e9cr\u00e9ations des primaires, coll\u00e8ges et lyc\u00e9es pour r\u00e9aliser des performances surprises.\" \/>\n<meta property=\"og:url\" content=\"https:\/\/dans6t.com\/compagnie\/le-projet-artistique\/\" \/>\n<meta property=\"og:site_name\" content=\"DANS6T Compagnie\" \/>\n<meta property=\"article:publisher\" content=\"https:\/\/www.facebook.com\/compagniedans6t\" \/>\n<meta property=\"article:modified_time\" content=\"2025-05-21T09:53:23+00:00\" \/>\n<meta property=\"og:image\" content=\"https:\/\/dans6t.com\/compagnie\/wp-content\/uploads\/2025\/05\/BB2-e1747821172858.jpg\" \/>\n<meta name=\"twitter:card\" content=\"summary_large_image\" \/>\n<meta name=\"twitter:label1\" content=\"Dur\u00e9e de lecture estim\u00e9e\" \/>\n\t<meta name=\"twitter:data1\" content=\"3 minutes\" \/>\n<script type=\"application\/ld+json\" class=\"yoast-schema-graph\">{\"@context\":\"https:\/\/schema.org\",\"@graph\":[{\"@type\":\"WebPage\",\"@id\":\"https:\/\/dans6t.com\/compagnie\/le-projet-artistique\/\",\"url\":\"https:\/\/dans6t.com\/compagnie\/le-projet-artistique\/\",\"name\":\"Le projet artistique - DANS6T Compagnie\",\"isPartOf\":{\"@id\":\"https:\/\/dans6t.com\/compagnie\/#website\"},\"datePublished\":\"2025-02-05T14:16:08+00:00\",\"dateModified\":\"2025-05-21T09:53:23+00:00\",\"description\":\"La compagnie Dans6T s'invite dans les r\u00e9cr\u00e9ations des primaires, coll\u00e8ges et lyc\u00e9es pour r\u00e9aliser des performances surprises.\",\"breadcrumb\":{\"@id\":\"https:\/\/dans6t.com\/compagnie\/le-projet-artistique\/#breadcrumb\"},\"inLanguage\":\"fr-FR\",\"potentialAction\":[{\"@type\":\"ReadAction\",\"target\":[\"https:\/\/dans6t.com\/compagnie\/le-projet-artistique\/\"]}]},{\"@type\":\"BreadcrumbList\",\"@id\":\"https:\/\/dans6t.com\/compagnie\/le-projet-artistique\/#breadcrumb\",\"itemListElement\":[{\"@type\":\"ListItem\",\"position\":1,\"name\":\"Accueil\",\"item\":\"https:\/\/dans6t.com\/compagnie\/\"},{\"@type\":\"ListItem\",\"position\":2,\"name\":\"Le projet artistique\"}]},{\"@type\":\"WebSite\",\"@id\":\"https:\/\/dans6t.com\/compagnie\/#website\",\"url\":\"https:\/\/dans6t.com\/compagnie\/\",\"name\":\"DANS6T Compagnie\",\"description\":\"Compagnie\",\"publisher\":{\"@id\":\"https:\/\/dans6t.com\/compagnie\/#organization\"},\"potentialAction\":[{\"@type\":\"SearchAction\",\"target\":{\"@type\":\"EntryPoint\",\"urlTemplate\":\"https:\/\/dans6t.com\/compagnie\/?s={search_term_string}\"},\"query-input\":\"required name=search_term_string\"}],\"inLanguage\":\"fr-FR\"},{\"@type\":\"Organization\",\"@id\":\"https:\/\/dans6t.com\/compagnie\/#organization\",\"name\":\"DANS6T Compagnie\",\"url\":\"https:\/\/dans6t.com\/compagnie\/\",\"logo\":{\"@type\":\"ImageObject\",\"inLanguage\":\"fr-FR\",\"@id\":\"https:\/\/dans6t.com\/compagnie\/#\/schema\/logo\/image\/\",\"url\":\"https:\/\/dans6t.com\/compagnie\/wp-content\/uploads\/2025\/04\/cropped-BLANC-6-ROUGE-1-scaled-1.png\",\"contentUrl\":\"https:\/\/dans6t.com\/compagnie\/wp-content\/uploads\/2025\/04\/cropped-BLANC-6-ROUGE-1-scaled-1.png\",\"width\":2559,\"height\":853,\"caption\":\"DANS6T Compagnie\"},\"image\":{\"@id\":\"https:\/\/dans6t.com\/compagnie\/#\/schema\/logo\/image\/\"},\"sameAs\":[\"https:\/\/www.facebook.com\/compagniedans6t\",\"https:\/\/www.instagram.com\/compagnie_dans6t\/\"]}]}<\/script>\n<!-- \/ Yoast SEO plugin. -->","yoast_head_json":{"title":"Le projet artistique - DANS6T Compagnie","description":"La compagnie Dans6T s'invite dans les r\u00e9cr\u00e9ations des primaires, coll\u00e8ges et lyc\u00e9es pour r\u00e9aliser des performances surprises.","robots":{"index":"index","follow":"follow","max-snippet":"max-snippet:-1","max-image-preview":"max-image-preview:large","max-video-preview":"max-video-preview:-1"},"canonical":"https:\/\/dans6t.com\/compagnie\/le-projet-artistique\/","og_locale":"fr_FR","og_type":"article","og_title":"Le projet artistique - DANS6T Compagnie","og_description":"La compagnie Dans6T s'invite dans les r\u00e9cr\u00e9ations des primaires, coll\u00e8ges et lyc\u00e9es pour r\u00e9aliser des performances surprises.","og_url":"https:\/\/dans6t.com\/compagnie\/le-projet-artistique\/","og_site_name":"DANS6T Compagnie","article_publisher":"https:\/\/www.facebook.com\/compagniedans6t","article_modified_time":"2025-05-21T09:53:23+00:00","og_image":[{"url":"https:\/\/dans6t.com\/compagnie\/wp-content\/uploads\/2025\/05\/BB2-e1747821172858.jpg"}],"twitter_card":"summary_large_image","twitter_misc":{"Dur\u00e9e de lecture estim\u00e9e":"3 minutes"},"schema":{"@context":"https:\/\/schema.org","@graph":[{"@type":"WebPage","@id":"https:\/\/dans6t.com\/compagnie\/le-projet-artistique\/","url":"https:\/\/dans6t.com\/compagnie\/le-projet-artistique\/","name":"Le projet artistique - DANS6T Compagnie","isPartOf":{"@id":"https:\/\/dans6t.com\/compagnie\/#website"},"datePublished":"2025-02-05T14:16:08+00:00","dateModified":"2025-05-21T09:53:23+00:00","description":"La compagnie Dans6T s'invite dans les r\u00e9cr\u00e9ations des primaires, coll\u00e8ges et lyc\u00e9es pour r\u00e9aliser des performances surprises.","breadcrumb":{"@id":"https:\/\/dans6t.com\/compagnie\/le-projet-artistique\/#breadcrumb"},"inLanguage":"fr-FR","potentialAction":[{"@type":"ReadAction","target":["https:\/\/dans6t.com\/compagnie\/le-projet-artistique\/"]}]},{"@type":"BreadcrumbList","@id":"https:\/\/dans6t.com\/compagnie\/le-projet-artistique\/#breadcrumb","itemListElement":[{"@type":"ListItem","position":1,"name":"Accueil","item":"https:\/\/dans6t.com\/compagnie\/"},{"@type":"ListItem","position":2,"name":"Le projet artistique"}]},{"@type":"WebSite","@id":"https:\/\/dans6t.com\/compagnie\/#website","url":"https:\/\/dans6t.com\/compagnie\/","name":"DANS6T Compagnie","description":"Compagnie","publisher":{"@id":"https:\/\/dans6t.com\/compagnie\/#organization"},"potentialAction":[{"@type":"SearchAction","target":{"@type":"EntryPoint","urlTemplate":"https:\/\/dans6t.com\/compagnie\/?s={search_term_string}"},"query-input":"required name=search_term_string"}],"inLanguage":"fr-FR"},{"@type":"Organization","@id":"https:\/\/dans6t.com\/compagnie\/#organization","name":"DANS6T Compagnie","url":"https:\/\/dans6t.com\/compagnie\/","logo":{"@type":"ImageObject","inLanguage":"fr-FR","@id":"https:\/\/dans6t.com\/compagnie\/#\/schema\/logo\/image\/","url":"https:\/\/dans6t.com\/compagnie\/wp-content\/uploads\/2025\/04\/cropped-BLANC-6-ROUGE-1-scaled-1.png","contentUrl":"https:\/\/dans6t.com\/compagnie\/wp-content\/uploads\/2025\/04\/cropped-BLANC-6-ROUGE-1-scaled-1.png","width":2559,"height":853,"caption":"DANS6T Compagnie"},"image":{"@id":"https:\/\/dans6t.com\/compagnie\/#\/schema\/logo\/image\/"},"sameAs":["https:\/\/www.facebook.com\/compagniedans6t","https:\/\/www.instagram.com\/compagnie_dans6t\/"]}]}},"uagb_featured_image_src":{"full":false,"thumbnail":false,"medium":false,"medium_large":false,"large":false,"1536x1536":false,"2048x2048":false},"uagb_author_info":{"display_name":"Dans6t Dans6t","author_link":"https:\/\/dans6t.com\/compagnie\/author\/dans6t\/"},"uagb_comment_info":0,"uagb_excerpt":"LE PROJET ARTISTIQUE DANS6T est implant\u00e9 \u00e0 Tarbes en R\u00e9gion Occitanie depuis sa fondation en 2001, sous la co-direction de Bouziane Bouteldja et de Le\u00efla Benaouali. Le projet de l\u2019association s\u2019articule autour de trois axes d\u2019activit\u00e9s : la cr\u00e9ation chor\u00e9graphique avec une compagnie de danse professionnelle et une fabrique artistique, l\u2019enseignement de la danse avec\u2026","_links":{"self":[{"href":"https:\/\/dans6t.com\/compagnie\/wp-json\/wp\/v2\/pages\/2595","targetHints":{"allow":["GET"]}}],"collection":[{"href":"https:\/\/dans6t.com\/compagnie\/wp-json\/wp\/v2\/pages"}],"about":[{"href":"https:\/\/dans6t.com\/compagnie\/wp-json\/wp\/v2\/types\/page"}],"author":[{"embeddable":true,"href":"https:\/\/dans6t.com\/compagnie\/wp-json\/wp\/v2\/users\/3"}],"replies":[{"embeddable":true,"href":"https:\/\/dans6t.com\/compagnie\/wp-json\/wp\/v2\/comments?post=2595"}],"version-history":[{"count":64,"href":"https:\/\/dans6t.com\/compagnie\/wp-json\/wp\/v2\/pages\/2595\/revisions"}],"predecessor-version":[{"id":3850,"href":"https:\/\/dans6t.com\/compagnie\/wp-json\/wp\/v2\/pages\/2595\/revisions\/3850"}],"wp:attachment":[{"href":"https:\/\/dans6t.com\/compagnie\/wp-json\/wp\/v2\/media?parent=2595"}],"curies":[{"name":"wp","href":"https:\/\/api.w.org\/{rel}","templated":true}]}}